{"id":475,"date":"2013-12-16T16:32:49","date_gmt":"2013-12-16T15:32:49","guid":{"rendered":"http:\/\/192.168.10.40\/wordpress\/?page_id=475"},"modified":"2026-04-27T08:45:01","modified_gmt":"2026-04-27T06:45:01","slug":"stardsida","status":"publish","type":"page","link":"https:\/\/tillsynsforum.se\/","title":{"rendered":"Tillsynsforum \u2013 ett nationellt n\u00e4tverk f\u00f6r dig som arbetar med statlig tillsyn"},"content":{"rendered":"\n<figure class=\"wp-block-image\"><img decoding=\"async\" loading=\"lazy\" width=\"960\" height=\"350\" src=\"http:\/\/tillsynsforum.se\/wp-content\/uploads\/2014\/05\/header-green-leaf-960x350.jpg\" alt=\" \" class=\"wp-image-589\" srcset=\"https:\/\/tillsynsforum.se\/wp-content\/uploads\/2014\/05\/header-green-leaf-960x350.jpg 960w, https:\/\/tillsynsforum.se\/wp-content\/uploads\/2014\/05\/header-green-leaf-960x350-300x109.jpg 300w, https:\/\/tillsynsforum.se\/wp-content\/uploads\/2014\/05\/header-green-leaf-960x350-400x145.jpg 400w\" sizes=\"(max-width: 960px) 100vw, 960px\" \/><\/figure>\n\n\n\n<h2 class=\"wp-block-heading\">Om Tillsynsforum<\/h2>\n\n\n\n<p>Tillsynsforum \u00e4r ett n\u00e4tverk f\u00f6r dig som arbetar statligt med tillsyn. Vi som \u00e4r aktiva inom n\u00e4tverket arbetar kontinuerligt med att utbyta erfarenheter och att sprida kunskap, information och id\u00e9er inom v\u00e5rt intresseomr\u00e5de. M\u00e5let \u00e4r att hj\u00e4lpa varandra att v\u00e4xa i yrkesrollen vilket gagnar s\u00e5v\u00e4l den enskilde tillsynaren som samh\u00e4llet i stort.<\/p>\n\n\n\n<p><a href=\"https:\/\/tillsynsforum.se\/?page_id=7\" data-type=\"page\" data-id=\"7\">L\u00e4s mer om n\u00e4tverket Tillsynsforum<\/a><\/p>\n\n\n\n<p><a href=\"https:\/\/tillsynsforum.se\/?p=1471\">Ta del av v\u00e5r sammanfattning av 2025 \u00e5rs konferens<\/a><\/p>\n\n\n\n<h2 class=\"wp-block-heading\">N\u00e4sta konferens<\/h2>\n\n\n\n<p>V\u00e4lkommen till Tillsynsforums konferens den 6 maj 2026.<\/p>\n\n\n\n<p>Snart \u00e4r det dags f\u00f6r den \u00e5rliga konferensen om tillsyn och tillsynsrelaterade fr\u00e5gor. Konferensen v\u00e4nder sig till medarbetare och chefer p\u00e5 i f\u00f6rsta hand statliga tillsynsmyndigheter. Vi har ett aktuellt program med fokus p\u00e5 samverkan mellan myndigheter, informationsutbyte och AI-anv\u00e4ndning \u2013 n\u00e5gra av de faktorer som har blivit viktiga f\u00f6r att tillsynen ska n\u00e5 l\u00e4ngre i arbetet f\u00f6r regelefterlevnad, r\u00e4ttss\u00e4kerhet och effektivitet och mot felaktiga utbetalningar, penningtv\u00e4tt och annan brottslighet.<\/p>\n\n\n\n<p>Konferensen bjuder p\u00e5 flera tillf\u00e4llen att n\u00e4tverka och diskutera tillsynsrelaterade fr\u00e5gor ur olika perspektiv. Konferensavgiften \u00e4r 4 000 kronor exkl. moms. I avgiften ing\u00e5r lunch och fika under dagen samt snittar och dryck under minglet efter\u00e5t.<\/p>\n\n\n\n<p>Tid: onsdagen den 6 maj 2026, kl. 9.00\u201317.30 (kaffe fr\u00e5n 8.30)<\/p>\n\n\n\n<p>Plats: Stora salen p\u00e5 Nalen, Regeringsgatan 74, Stockholm<\/p>\n\n\n\n<p>Vi ses p\u00e5 Nalen den 6 maj!<\/p>\n\n\n\n<p><a href=\"http:\/\/tillsynsforum.se\/wp-content\/uploads\/2026\/04\/Agenda-Tillsynsforum-varkonferens-2026.pdf\">Se konferensprogrammet f\u00f6r 2026<\/a> (pdf)<\/p>\n\n\n\n<h2 class=\"wp-block-heading\">Filmer fr\u00e5n tidigare genomf\u00f6rda konferenser<\/h2>\n\n\n\n<ul>\n<li><a href=\"https:\/\/www.youtube.com\/channel\/UC6VpQfsDxpfSxi_l46wnOQQ\" target=\"_blank\" rel=\"noreferrer noopener\">Tillsynsforum p\u00e5 YouTube<\/a><\/li>\n\n\n\n<li><a rel=\"noreferrer noopener\" href=\"https:\/\/vimeo.com\/tillsynsforum\" target=\"_blank\">\u00c4ldre filmer hittar du h\u00e4r<\/a> (Vimeo)<\/li>\n<\/ul>\n","protected":false},"excerpt":{"rendered":"<p>Om Tillsynsforum Tillsynsforum \u00e4r ett n\u00e4tverk f\u00f6r dig som arbetar statligt med tillsyn. Vi som \u00e4r aktiva inom n\u00e4tverket arbetar kontinuerligt med att utbyta erfarenheter och att sprida kunskap, information och id\u00e9er inom v\u00e5rt intresseomr\u00e5de. M\u00e5let \u00e4r att hj\u00e4lpa varandra att v\u00e4xa i yrkesrollen vilket gagnar s\u00e5v\u00e4l den enskilde tillsynaren som samh\u00e4llet i stort. L\u00e4s <a class=\"read-more\" href=\"https:\/\/tillsynsforum.se\/\">...l\u00e4s vidare <span class=\"meta-nav\">&rarr;<\/span><\/a><\/p>\n","protected":false},"author":1,"featured_media":0,"parent":0,"menu_order":0,"comment_status":"closed","ping_status":"closed","template":"page-templates\/front-page.php","meta":[],"_links":{"self":[{"href":"https:\/\/tillsynsforum.se\/index.php?rest_route=\/wp\/v2\/pages\/475"}],"collection":[{"href":"https:\/\/tillsynsforum.se\/index.php?rest_route=\/wp\/v2\/pages"}],"about":[{"href":"https:\/\/tillsynsforum.se\/index.php?rest_route=\/wp\/v2\/types\/page"}],"author":[{"embeddable":true,"href":"https:\/\/tillsynsforum.se\/index.php?rest_route=\/wp\/v2\/users\/1"}],"replies":[{"embeddable":true,"href":"https:\/\/tillsynsforum.se\/index.php?rest_route=%2Fwp%2Fv2%2Fcomments&post=475"}],"version-history":[{"count":66,"href":"https:\/\/tillsynsforum.se\/index.php?rest_route=\/wp\/v2\/pages\/475\/revisions"}],"predecessor-version":[{"id":1540,"href":"https:\/\/tillsynsforum.se\/index.php?rest_route=\/wp\/v2\/pages\/475\/revisions\/1540"}],"wp:attachment":[{"href":"https:\/\/tillsynsforum.se\/index.php?rest_route=%2Fwp%2Fv2%2Fmedia&parent=475"}],"curies":[{"name":"wp","href":"https:\/\/api.w.org\/{rel}","templated":true}]}}